{"id":257,"date":"2022-08-13T17:53:09","date_gmt":"2022-08-13T17:53:09","guid":{"rendered":"https:\/\/slovencina.org\/?page_id=257"},"modified":"2024-12-29T11:27:55","modified_gmt":"2024-12-29T11:27:55","slug":"kurz","status":"publish","type":"page","link":"https:\/\/slovencina.org\/ru\/kurz\/","title":{"rendered":"\u041a\u0443\u0440\u0441\u044b"},"content":{"rendered":"<div data-elementor-type=\"wp-page\" data-elementor-id=\"257\" class=\"elementor elementor-257\">\n\t\t\t\t\t\t<section class=\"elementor-section elementor-top-section elementor-element elementor-element-4029051 elementor-section-boxed elementor-section-height-default elementor-section-height-default\" data-id=\"4029051\" data-element_type=\"section\" data-e-type=\"section\" data-settings=\"{&quot;background_background&quot;:&quot;classic&quot;}\">\n\t\t\t\t\t\t<div class=\"elementor-container elementor-column-gap-default\">\n\t\t\t\t\t<div class=\"elementor-column elementor-col-100 elementor-top-column elementor-element elementor-element-34b3a58\" data-id=\"34b3a58\" data-element_type=\"column\" data-e-type=\"column\">\n\t\t\t<div class=\"elementor-widget-wrap elementor-element-populated\">\n\t\t\t\t\t\t<div class=\"elementor-element elementor-element-d7ddcef elementor-widget elementor-widget-heading\" data-id=\"d7ddcef\" data-element_type=\"widget\" data-e-type=\"widget\" data-widget_type=\"heading.default\">\n\t\t\t\t<div class=\"elementor-widget-container\">\n\t\t\t\t\t<h2 class=\"elementor-heading-title elementor-size-default\">\u041a\u0443\u0440\u0441\u044b<\/h2>\t\t\t\t<\/div>\n\t\t\t\t<\/div>\n\t\t\t\t\t<\/div>\n\t\t<\/div>\n\t\t\t\t\t<\/div>\n\t\t<\/section>\n\t\t\t\t<section class=\"elementor-section elementor-top-section elementor-element elementor-element-f8a136e elementor-section-boxed elementor-section-height-default elementor-section-height-default\" data-id=\"f8a136e\" data-element_type=\"section\" data-e-type=\"section\" data-settings=\"{&quot;animation&quot;:&quot;none&quot;,&quot;animation_tablet&quot;:&quot;fadeInUp&quot;,&quot;animation_mobile&quot;:&quot;fadeInUp&quot;}\">\n\t\t\t\t\t\t<div class=\"elementor-container elementor-column-gap-default\">\n\t\t\t\t\t<div class=\"elementor-column elementor-col-100 elementor-top-column elementor-element elementor-element-c3a5834\" data-id=\"c3a5834\" data-element_type=\"column\" data-e-type=\"column\">\n\t\t\t<div class=\"elementor-widget-wrap elementor-element-populated\">\n\t\t\t\t\t\t<div class=\"elementor-element elementor-element-92ddec0 tpg-wrapper-align-center img_hover_animation_img_zoom_in title-alignment-center title-alignment-center title_position_default title_hover_border_default title-default grid-hover-overlay-type-always tpg-el-box-border-enable tpg-border-bottom-disable elementor-widget elementor-widget-tpg-list-layout\" data-id=\"92ddec0\" data-element_type=\"widget\" data-e-type=\"widget\" data-widget_type=\"tpg-list-layout.default\">\n\t\t\t\t<div class=\"elementor-widget-container\">\n\t\t\t\t\t\n        <div class=\"rt-container-fluid rt-tpg-container tpg-el-main-wrapper list-layout1-main\"\n             data-sc-id=\"elementor\"\n             id=\"rt-tpg-container-3742591463\"\n             data-layout=\"list-layout1\"\n             data-grid-style=\"tpg-even\"\n             data-el-settings=''\n             data-el-query=''\n             data-el-path=''\n        >\n\t\t\t            <div class='tpg-header-wrapper'>\n\t\t\t\t            <\/div>\n\n            <div data-title=\"Loading ...\" class=\"rt-row rt-content-loader list-layout1 tpg-even list-behaviour list-layout-wrapper\">\n\t\t\t\t\n<div class=\"rt-col-md-12 rt-col-sm-12 rt-col-xs-12 img_zoom_in rt-list-item rt-grid-item\" data-id=\"2177\">\n\t<div class=\"rt-holder tpg-post-holder\">\n\t\t<div class=\"rt-detail rt-el-content-wrapper\">\n\t\t\t\t\t\t\t<div class=\"rt-img-holder tpg-el-image-wrap has-thumbnail\">\n\t\t\t\t\t<a data-id=\"2177\" href=\"https:\/\/slovencina.org\/ru\/konverzacie-so-slovakom\/\" class=\"tpg-post-link\" target=\"_self\">                        <img fetchpriority=\"high\" decoding=\"async\" src=\"https:\/\/slovencina.org\/wp-content\/uploads\/2024\/11\/Marian-kurz.png\"\n                             class=\"rt-img-responsive\"\n                             width=\"600\"\n                             height=\"600\"\n                             alt=\"Konverz\u00e1cie so Slov\u00e1kom\">\n                        \n                            \n        <\/a>\n                <div class=\"overlay grid-hover-content\"><\/div>\n        \t\t\t\t<\/div>\n\t\t\t\n\t\t\t<div class=\"post-right-content\">\n\t\t\t\t<div class=\"entry-title-wrapper\"><h5 class=\"entry-title\"><a data-id=\"2177\" href=\"https:\/\/slovencina.org\/ru\/konverzacie-so-slovakom\/\" class=\"tpg-post-link\" target=\"_self\">\u0420\u0430\u0437\u0433\u043e\u0432\u043e\u0440\u043d\u044b\u0435 \u0443\u0440\u043e\u043a\u0438 \u0441\u043e \u0441\u043b\u043e\u0432\u0430\u043a\u043e\u043c<\/a><\/h5><\/div>\n\t\t\t\t\n\t\t\t\t\t\t\t\t\t<div class=\"tpg-excerpt tpg-el-excerpt\">\n\t\t\t\t\t\t\t\t\t\t\t\t\t<div class=\"tpg-excerpt-inner\">\n\t\t\t\t\t\t\t\tKonverz\u00e1cie so Slov\u00e1kom Kto som: Som Slov\u00e1k, naroden\u00fd na z\u00e1padnom Slovensku. M\u00e1m ve\u013ek\u00fd v\u0161eobecn\u00fd rozh\u013ead, tak\u017ee na\u0161e konverz\u00e1cie m\u00f4\u017eu by\u0165 na r\u00f4zne t\u00e9my. Ka\u017ed\u00fd, kto ma dobre pozn\u00e1 hovor\u00ed, \u017ee m\u00e1m ve\u013ek\u00fa trpezlivos\u0165. Mo\u017eno ma pozn\u00e1te aj z m\u00f4jho kan\u00e1lu u\u017e viete, \u017ee&#8230; \u010co po\u010das hod\u00edn z\u00edskate: roz\u0161\u00edrenie svojej slovnej z\u00e1soby\u00a0 odvahu rozpr\u00e1va\u0165 sa so........ \t\t\t\t\t\t\t<\/div>\n\t\t\t\t\t\t\t\t\t\t\t\t\t\t\t\t\t<\/div>\n\t\t\t\t\n\t\t\t\t\t\t\t<\/div>\n\t\t<\/div>\n\t<\/div>\n<\/div>\n\n<div class=\"rt-col-md-12 rt-col-sm-12 rt-col-xs-12 img_zoom_in rt-list-item rt-grid-item\" data-id=\"1651\">\n\t<div class=\"rt-holder tpg-post-holder\">\n\t\t<div class=\"rt-detail rt-el-content-wrapper\">\n\t\t\t\t\t\t\t<div class=\"rt-img-holder tpg-el-image-wrap has-thumbnail\">\n\t\t\t\t\t<a data-id=\"1651\" href=\"https:\/\/slovencina.org\/ru\/pesnickovymaraton\/\" class=\"tpg-post-link\" target=\"_self\">                        <img decoding=\"async\" src=\"https:\/\/slovencina.org\/wp-content\/uploads\/2023\/06\/hudba400a.webp\"\n                             class=\"rt-img-responsive\"\n                             width=\"400\"\n                             height=\"400\"\n                             alt=\"Pesni\u010dkov\u00fd marat\u00f3n\u00a01 &#8211; repr\u00edza\">\n                        \n                            \n        <\/a>\n                <div class=\"overlay grid-hover-content\"><\/div>\n        \t\t\t\t<\/div>\n\t\t\t\n\t\t\t<div class=\"post-right-content\">\n\t\t\t\t<div class=\"entry-title-wrapper\"><h5 class=\"entry-title\"><a data-id=\"1651\" href=\"https:\/\/slovencina.org\/ru\/pesnickovymaraton\/\" class=\"tpg-post-link\" target=\"_self\">\u041c\u0430\u0440\u0430\u0444\u043e\u043d \u043f\u043e \u043f\u0435\u0441\u043d\u044f\u043c 1 - \u043f\u043e\u0432\u0442\u043e\u0440<\/a><\/h5><\/div>\n\t\t\t\t\n\t\t\t\t\t\t\t\t\t<div class=\"tpg-excerpt tpg-el-excerpt\">\n\t\t\t\t\t\t\t\t\t\t\t\t\t<div class=\"tpg-excerpt-inner\">\n\t\t\t\t\t\t\t\tPesni\u010dkov\u00fd marat\u00f3n \u010co to je? Pesni\u010dkov\u00fd marat\u00f3n je sp\u00f4sob, ako si zlep\u0161i\u0165 sloven\u010dinu najm\u00e4 V\u00ddSLOVNOS\u0164, PO\u010c\u00daVANIE a samozrejme SLOVN\u00da Z\u00c1SOBU! Sta\u010d\u00ed PO\u010c\u00daVA\u0164 a pozera\u0165 sa na obrazovku)))) a potom ZNOVU PO\u010c\u00daVA\u0164! PRE KOHO JE VHODN\u00dd?\u00a0 ABSOL\u00daTNE PRE V\u0160ETK\u00ddCH, KTO CHCE POSUN\u00da\u0164 SVOJU SLOVEN\u010cINU NA NOV\u00da \u00daROVE\u0147 NETYPICK\u00ddM SP\u00d4SOBOM! AKO TO BUDE PREBIEHA\u0164? KA\u017dD\u00dd DE\u0147 rozbor........ \t\t\t\t\t\t\t<\/div>\n\t\t\t\t\t\t\t\t\t\t\t\t\t\t\t\t\t<\/div>\n\t\t\t\t\n\t\t\t\t\t\t\t<\/div>\n\t\t<\/div>\n\t<\/div>\n<\/div>\n\n<div class=\"rt-col-md-12 rt-col-sm-12 rt-col-xs-12 img_zoom_in rt-list-item rt-grid-item\" data-id=\"1502\">\n\t<div class=\"rt-holder tpg-post-holder\">\n\t\t<div class=\"rt-detail rt-el-content-wrapper\">\n\t\t\t\t\t\t\t<div class=\"rt-img-holder tpg-el-image-wrap has-thumbnail\">\n\t\t\t\t\t<a data-id=\"1502\" href=\"https:\/\/slovencina.org\/ru\/herohero\/\" class=\"tpg-post-link\" target=\"_self\">                        <img decoding=\"async\" src=\"https:\/\/slovencina.org\/wp-content\/uploads\/2023\/05\/herohero.webp\"\n                             class=\"rt-img-responsive\"\n                             width=\"400\"\n                             height=\"400\"\n                             alt=\"herohero\">\n                        \n                            \n        <\/a>\n                <div class=\"overlay grid-hover-content\"><\/div>\n        \t\t\t\t<\/div>\n\t\t\t\n\t\t\t<div class=\"post-right-content\">\n\t\t\t\t<div class=\"entry-title-wrapper\"><h5 class=\"entry-title\"><a data-id=\"1502\" href=\"https:\/\/slovencina.org\/ru\/herohero\/\" class=\"tpg-post-link\" target=\"_self\">HEROHERO<\/a><\/h5><\/div>\n\t\t\t\t\n\t\t\t\t\t\t\t\t\t<div class=\"tpg-excerpt tpg-el-excerpt\">\n\t\t\t\t\t\t\t\t\t\t\t\t\t<div class=\"tpg-excerpt-inner\">\n\t\t\t\t\t\t\t\tHEROHERO \u010co z\u00edskate po prihl\u00e1sen\u00ed: 1. Po\u010das odberu m\u00e1te pr\u00edstup ku v\u0161etk\u00fdm materi\u00e1lom na str\u00e1nke za mesa\u010dn\u00fd poplatok: AKTU\u00c1LNA CENA: 20\u20ac\/mesiac (pre \u013eud\u00ed, ktor\u00ed maj\u00fa odber cena ost\u00e1va rovnak\u00e1 po\u010das trvania \u010dlenstva) 2. Zadania na precvi\u010denie z\u00edskan\u00fdch znalost\u00ed 3. Mo\u017enos\u0165 kontaktova\u0165 ma cez platformu\u00a0herohero 4. Moje \u201ctajomstv\u00e1\u201d pre dokonal\u00fa v\u00fdslovnos\u0165 5. Lifehacky na z\u00e1klade mojich........ \t\t\t\t\t\t\t<\/div>\n\t\t\t\t\t\t\t\t\t\t\t\t\t\t\t\t\t<\/div>\n\t\t\t\t\n\t\t\t\t\t\t\t<\/div>\n\t\t<\/div>\n\t<\/div>\n<\/div>\n\n<div class=\"rt-col-md-12 rt-col-sm-12 rt-col-xs-12 img_zoom_in rt-list-item rt-grid-item\" data-id=\"1108\">\n\t<div class=\"rt-holder tpg-post-holder\">\n\t\t<div class=\"rt-detail rt-el-content-wrapper\">\n\t\t\t\t\t\t\t<div class=\"rt-img-holder tpg-el-image-wrap has-thumbnail\">\n\t\t\t\t\t<a data-id=\"1108\" href=\"https:\/\/slovencina.org\/ru\/individualne-hodiny\/\" class=\"tpg-post-link\" target=\"_self\">                        <img loading=\"lazy\" decoding=\"async\" src=\"https:\/\/slovencina.org\/wp-content\/uploads\/2022\/09\/KurzIndividual.png\"\n                             class=\"rt-img-responsive\"\n                             width=\"400\"\n                             height=\"400\"\n                             alt=\"Individu\u00e1lne hodiny\">\n                        \n                            \n        <\/a>\n                <div class=\"overlay grid-hover-content\"><\/div>\n        \t\t\t\t<\/div>\n\t\t\t\n\t\t\t<div class=\"post-right-content\">\n\t\t\t\t<div class=\"entry-title-wrapper\"><h5 class=\"entry-title\"><a data-id=\"1108\" href=\"https:\/\/slovencina.org\/ru\/individualne-hodiny\/\" class=\"tpg-post-link\" target=\"_self\">\u0418\u043d\u0434\u0438\u0432\u0438\u0434\u0443\u0430\u043b\u044c\u043d\u044b\u0435 \u0437\u0430\u043d\u044f\u0442\u0438\u044f<\/a><\/h5><\/div>\n\t\t\t\t\n\t\t\t\t\t\t\t\t\t<div class=\"tpg-excerpt tpg-el-excerpt\">\n\t\t\t\t\t\t\t\t\t\t\t\t\t<div class=\"tpg-excerpt-inner\">\n\t\t\t\t\t\t\t\tIndividu\u00e1lne hodiny \u010co z\u00edskate po\u010das hod\u00edn: 1. Po\u010das kurzu v\u0161etok materi\u00e1l na u\u010denie sa v elektronickej verzii na osobnom konte 2. Kontrola dom\u00e1cich \u00faloh 3. S\u00fakromn\u00fd \u010det so mnou po\u010das cel\u00e9ho kurzu 4. Moje \u201ctajomstv\u00e1\u201d pre dokonal\u00fa v\u00fdslovnos\u0165 5. Lifehacky na z\u00e1klade mojich sk\u00fasenost\u00ed\u00a0 \u00a0 \u010co sa nau\u010d\u00edte: Pod\u013ea dohody a va\u0161ej \u0161ikovnosti Pre\u010do si........ \t\t\t\t\t\t\t<\/div>\n\t\t\t\t\t\t\t\t\t\t\t\t\t\t\t\t\t<\/div>\n\t\t\t\t\n\t\t\t\t\t\t\t<\/div>\n\t\t<\/div>\n\t<\/div>\n<\/div>\n\n<div class=\"rt-col-md-12 rt-col-sm-12 rt-col-xs-12 img_zoom_in rt-list-item rt-grid-item\" data-id=\"1101\">\n\t<div class=\"rt-holder tpg-post-holder\">\n\t\t<div class=\"rt-detail rt-el-content-wrapper\">\n\t\t\t\t\t\t\t<div class=\"rt-img-holder tpg-el-image-wrap has-thumbnail\">\n\t\t\t\t\t<a data-id=\"1101\" href=\"https:\/\/slovencina.org\/ru\/rozhovornik\/\" class=\"tpg-post-link\" target=\"_self\">                        <img loading=\"lazy\" decoding=\"async\" src=\"https:\/\/slovencina.org\/wp-content\/uploads\/2022\/09\/Rozhovornik.png\"\n                             class=\"rt-img-responsive\"\n                             width=\"400\"\n                             height=\"400\"\n                             alt=\"\u201eROZHOVORn\u00edk\u201c\">\n                        \n                            \n        <\/a>\n                <div class=\"overlay grid-hover-content\"><\/div>\n        \t\t\t\t<\/div>\n\t\t\t\n\t\t\t<div class=\"post-right-content\">\n\t\t\t\t<div class=\"entry-title-wrapper\"><h5 class=\"entry-title\"><a data-id=\"1101\" href=\"https:\/\/slovencina.org\/ru\/rozhovornik\/\" class=\"tpg-post-link\" target=\"_self\">\"\u0420\u0410\u0417\u0413\u041e\u0412\u041e\u0420\u043d\u0438\u043a\"<\/a><\/h5><\/div>\n\t\t\t\t\n\t\t\t\t\t\t\t\t\t<div class=\"tpg-excerpt tpg-el-excerpt\">\n\t\t\t\t\t\t\t\t\t\t\t\t\t<div class=\"tpg-excerpt-inner\">\n\t\t\t\t\t\t\t\t\u201eROZHOVORn\u00edk\u201c \u010co po\u010das kurzu z\u00edskate: Slov\u00ed\u010dka na ka\u017ed\u00fa t\u00e9mu&nbsp; V\u0161etky slov\u00ed\u010dka v aplik\u00e1cii &nbsp; \u010co sa nau\u010d\u00edte: Zdokonal\u00edte sa v sloven\u010dine&nbsp; Zbav\u00edte sa strachu z rozpr\u00e1vania Zopakujete si v\u0161etky svoje znalosti Pre\u010do si vybra\u0165 &#8222;ROZHOVORn\u00edk&#8220;: V\u0161etci \u00fa\u010dastn\u00edci kurzu maj\u00fa presne rovnak\u00fa \u00farove\u0148 ako VY.\u00a0 Skupina je st\u00e1la po\u010das cel\u00e9ho mesiaca.\u00a0 Zvyknete si na \u013eud\u00ed, nehanb\u00edte........ \t\t\t\t\t\t\t<\/div>\n\t\t\t\t\t\t\t\t\t\t\t\t\t\t\t\t\t<\/div>\n\t\t\t\t\n\t\t\t\t\t\t\t<\/div>\n\t\t<\/div>\n\t<\/div>\n<\/div>\n\n<div class=\"rt-col-md-12 rt-col-sm-12 rt-col-xs-12 img_zoom_in rt-list-item rt-grid-item\" data-id=\"1071\">\n\t<div class=\"rt-holder tpg-post-holder\">\n\t\t<div class=\"rt-detail rt-el-content-wrapper\">\n\t\t\t\t\t\t\t<div class=\"rt-img-holder tpg-el-image-wrap has-thumbnail\">\n\t\t\t\t\t<a data-id=\"1071\" href=\"https:\/\/slovencina.org\/ru\/sukromne-hodiny-vo-dvojiciach\/\" class=\"tpg-post-link\" target=\"_self\">                        <img loading=\"lazy\" decoding=\"async\" src=\"https:\/\/slovencina.org\/wp-content\/uploads\/2022\/09\/Dvojica.png\"\n                             class=\"rt-img-responsive\"\n                             width=\"400\"\n                             height=\"400\"\n                             alt=\"S\u00fakromn\u00e9 \u200b\u200bhodiny vo dvojiciach\">\n                        \n                            \n        <\/a>\n                <div class=\"overlay grid-hover-content\"><\/div>\n        \t\t\t\t<\/div>\n\t\t\t\n\t\t\t<div class=\"post-right-content\">\n\t\t\t\t<div class=\"entry-title-wrapper\"><h5 class=\"entry-title\"><a data-id=\"1071\" href=\"https:\/\/slovencina.org\/ru\/sukromne-hodiny-vo-dvojiciach\/\" class=\"tpg-post-link\" target=\"_self\">\u0418\u043d\u0434\u0438\u0432\u0438\u0434\u0443\u0430\u043b\u044c\u043d\u044b\u0435 \u0437\u0430\u043d\u044f\u0442\u0438\u044f \u0432 \u0434\u0432\u043e\u0439\u043a\u0430\u0445<\/a><\/h5><\/div>\n\t\t\t\t\n\t\t\t\t\t\t\t\t\t<div class=\"tpg-excerpt tpg-el-excerpt\">\n\t\t\t\t\t\t\t\t\t\t\t\t\t<div class=\"tpg-excerpt-inner\">\n\t\t\t\t\t\t\t\tS\u00fakromn\u00e9 \u200b\u200bhodiny vo dvojiciach \u010co po\u010das kurzu z\u00edskate: 1. Po\u010das kurzu v\u0161etok materi\u00e1l na u\u010denie sa v elektronickej verzii na osobnom konte 2. Kontrola dom\u00e1cich \u00faloh 3. S\u00fakromn\u00fd \u010det so mnou po\u010das cel\u00e9ho kurzu 4. Moje \u201ctajomstv\u00e1\u201d pre dokonal\u00fa v\u00fdslovnos\u0165 5. Lifehacky na z\u00e1klade mojich sk\u00fasenost\u00ed\u00a0 6. Budete motivovan\u00ed sa navz\u00e1jom \u0165aha\u0165 \u010co sa nau\u010d\u00edte:........ \t\t\t\t\t\t\t<\/div>\n\t\t\t\t\t\t\t\t\t\t\t\t\t\t\t\t\t<\/div>\n\t\t\t\t\n\t\t\t\t\t\t\t<\/div>\n\t\t<\/div>\n\t<\/div>\n<\/div>\n\n<div class=\"rt-col-md-12 rt-col-sm-12 rt-col-xs-12 img_zoom_in rt-list-item rt-grid-item\" data-id=\"1051\">\n\t<div class=\"rt-holder tpg-post-holder\">\n\t\t<div class=\"rt-detail rt-el-content-wrapper\">\n\t\t\t\t\t\t\t<div class=\"rt-img-holder tpg-el-image-wrap has-thumbnail\">\n\t\t\t\t\t<a data-id=\"1051\" href=\"https:\/\/slovencina.org\/ru\/kurz-pre-mierne-pokrocilych-a1-a2\/\" class=\"tpg-post-link\" target=\"_self\">                        <img loading=\"lazy\" decoding=\"async\" src=\"https:\/\/slovencina.org\/wp-content\/uploads\/2022\/09\/kurzA1A2.png\"\n                             class=\"rt-img-responsive\"\n                             width=\"400\"\n                             height=\"400\"\n                             alt=\"Kurz pre mierne pokro\u010dil\u00fdch A1-A2\">\n                        \n                            \n        <\/a>\n                <div class=\"overlay grid-hover-content\"><\/div>\n        \t\t\t\t<\/div>\n\t\t\t\n\t\t\t<div class=\"post-right-content\">\n\t\t\t\t<div class=\"entry-title-wrapper\"><h5 class=\"entry-title\"><a data-id=\"1051\" href=\"https:\/\/slovencina.org\/ru\/kurz-pre-mierne-pokrocilych-a1-a2\/\" class=\"tpg-post-link\" target=\"_self\">\u041a\u0443\u0440\u0441 \u0434\u043b\u044f \u043f\u0440\u043e\u0434\u043e\u043b\u0436\u0430\u044e\u0449\u0438\u0445 A1-A2<\/a><\/h5><\/div>\n\t\t\t\t\n\t\t\t\t\t\t\t\t\t<div class=\"tpg-excerpt tpg-el-excerpt\">\n\t\t\t\t\t\t\t\t\t\t\t\t\t<div class=\"tpg-excerpt-inner\">\n\t\t\t\t\t\t\t\tKurz pre mierne pokro\u010dil\u00fdch A1-A2 \u010co po\u010das kurzu z\u00edskate: 1. Po\u010das kurzu v\u0161etok materi\u00e1l na u\u010denie sa v elektronickej verzii na osobnom konte 2. V\u0161etky slov\u00e1 s v\u00fdslovnos\u0165ou v aplik\u00e1cii 3. Kontrola dom\u00e1cich \u00faloh 4. S\u00fakromn\u00fd \u010det so mnou po\u010das cel\u00e9ho kurzu 5. Z\u00e1znam z hodiny (max. 6 vide\u00ed) v pr\u00edpade absencie 6. Moje \u201ctajomstv\u00e1\u201d........ \t\t\t\t\t\t\t<\/div>\n\t\t\t\t\t\t\t\t\t\t\t\t\t\t\t\t\t<\/div>\n\t\t\t\t\n\t\t\t\t\t\t\t<\/div>\n\t\t<\/div>\n\t<\/div>\n<\/div>\n\n<div class=\"rt-col-md-12 rt-col-sm-12 rt-col-xs-12 img_zoom_in rt-list-item rt-grid-item\" data-id=\"709\">\n\t<div class=\"rt-holder tpg-post-holder\">\n\t\t<div class=\"rt-detail rt-el-content-wrapper\">\n\t\t\t\t\t\t\t<div class=\"rt-img-holder tpg-el-image-wrap has-thumbnail\">\n\t\t\t\t\t<a data-id=\"709\" href=\"https:\/\/slovencina.org\/ru\/skupinovy-kurturz-a0\/\" class=\"tpg-post-link\" target=\"_self\">                        <img loading=\"lazy\" decoding=\"async\" src=\"https:\/\/slovencina.org\/wp-content\/uploads\/2022\/08\/kurzA0srdce.png\"\n                             class=\"rt-img-responsive\"\n                             width=\"400\"\n                             height=\"400\"\n                             alt=\"Skupinov\u00fd kurz &#8222;Hovor od srdca!&#8220; pre za\u010diato\u010dn\u00edkov\">\n                        \n                            \n        <\/a>\n                <div class=\"overlay grid-hover-content\"><\/div>\n        \t\t\t\t<\/div>\n\t\t\t\n\t\t\t<div class=\"post-right-content\">\n\t\t\t\t<div class=\"entry-title-wrapper\"><h5 class=\"entry-title\"><a data-id=\"709\" href=\"https:\/\/slovencina.org\/ru\/skupinovy-kurturz-a0\/\" class=\"tpg-post-link\" target=\"_self\">Skupinov\u00fd kurz &#8222;Hovor od srdca!&#8220; pre za\u010diato\u010dn\u00edkov<\/a><\/h5><\/div>\n\t\t\t\t\n\t\t\t\t\t\t\t\t\t<div class=\"tpg-excerpt tpg-el-excerpt\">\n\t\t\t\t\t\t\t\t\t\t\t\t\t<div class=\"tpg-excerpt-inner\">\n\t\t\t\t\t\t\t\tSkupinov\u00fd kurz \u201cHovor od srdca!\u201d pre za\u010diato\u010dn\u00edkov \u010co po\u010das kurzu z\u00edskate: 1. Po\u010das kurzu v\u0161etok materi\u00e1l na u\u010denie sa v elektronickej verzii na osobnom konte 2. V\u0161etky slov\u00e1 s v\u00fdslovnos\u0165ou v aplik\u00e1cii 3. Kontrola dom\u00e1cich \u00faloh 4. S\u00fakromn\u00fd \u010det so mnou po\u010das cel\u00e9ho kurzu 5. Z\u00e1znam z hodiny (max. 9 vide\u00ed) v pr\u00edpade absencie 6........ \t\t\t\t\t\t\t<\/div>\n\t\t\t\t\t\t\t\t\t\t\t\t\t\t\t\t\t<\/div>\n\t\t\t\t\n\t\t\t\t\t\t\t<\/div>\n\t\t<\/div>\n\t<\/div>\n<\/div>\n            <\/div>\n\n\t\t\t\n        <\/div>\n\t\t\t\t\t\t<\/div>\n\t\t\t\t<\/div>\n\t\t\t\t\t<\/div>\n\t\t<\/div>\n\t\t\t\t\t<\/div>\n\t\t<\/section>\n\t\t\t\t<\/div>","protected":false},"excerpt":{"rendered":"<p>Kurzy Konverz\u00e1cie so Slov\u00e1kom Kto som: Som Slov\u00e1k, naroden\u00fd na z\u00e1padnom Slovensku. M\u00e1m ve\u013ek\u00fd v\u0161eobecn\u00fd rozh\u013ead, tak\u017ee na\u0161e konverz\u00e1cie m\u00f4\u017eu by\u0165 na r\u00f4zne t\u00e9my. Ka\u017ed\u00fd, kto ma dobre pozn\u00e1 hovor\u00ed, \u017ee m\u00e1m ve\u013ek\u00fa trpezlivos\u0165. Mo\u017eno ma pozn\u00e1te aj z m\u00f4jho kan\u00e1lu &#8211;&gt;\u00a0u\u017e viete, \u017ee&#8230; \u010co po\u010das hod\u00edn z\u00edskate: roz\u0161\u00edrenie svojej slovnej z\u00e1soby\u00a0 odvahu rozpr\u00e1va\u0165 sa [&hellip;]<\/p>\n","protected":false},"author":1,"featured_media":0,"parent":0,"menu_order":0,"comment_status":"closed","ping_status":"closed","template":"elementor_theme","meta":{"_eb_attr":"","footnotes":""},"class_list":["post-257","page","type-page","status-publish","hentry"],"yoast_head":"<!-- This site is optimized with the Yoast SEO plugin v27.5 - https:\/\/yoast.com\/product\/yoast-seo-wordpress\/ -->\n<title>Kurzy - Slovencina.org<\/title>\n<meta name=\"description\" content=\"\u041a\u0443\u0440\u0441\u044b \u0441\u043b\u043e\u0432\u0430\u0446\u043a\u043e\u0433\u043e \u044f\u0437\u044b\u043a\u0430 \u0432\u0441\u0435\u0445 \u0443\u0440\u043e\u0432\u043d\u0435\u0439 \u0434\u043b\u044f \u0440\u0443\u0441\u0441\u043a\u043e\u0433\u043e\u0432\u043e\u0440\u044f\u0449\u0438\u0445 \u0432 slovencina.org | Kurzy sloven\u010diny (v\u0161etky \u00farovne) pre rusky hovoriacich\" \/>\n<meta name=\"robots\" content=\"index, follow, max-snippet:-1, max-image-preview:large, max-video-preview:-1\" \/>\n<link rel=\"canonical\" href=\"https:\/\/slovencina.org\/ru\/kurz\/\" \/>\n<meta property=\"og:locale\" content=\"ru_RU\" \/>\n<meta property=\"og:type\" content=\"article\" \/>\n<meta property=\"og:title\" content=\"Kurzy - Slovencina.org\" \/>\n<meta property=\"og:description\" content=\"\u041a\u0443\u0440\u0441\u044b \u0441\u043b\u043e\u0432\u0430\u0446\u043a\u043e\u0433\u043e \u044f\u0437\u044b\u043a\u0430 \u0432\u0441\u0435\u0445 \u0443\u0440\u043e\u0432\u043d\u0435\u0439 \u0434\u043b\u044f \u0440\u0443\u0441\u0441\u043a\u043e\u0433\u043e\u0432\u043e\u0440\u044f\u0449\u0438\u0445 \u0432 slovencina.org | Kurzy sloven\u010diny (v\u0161etky \u00farovne) pre rusky hovoriacich\" \/>\n<meta property=\"og:url\" content=\"https:\/\/slovencina.org\/ru\/kurz\/\" \/>\n<meta property=\"og:site_name\" content=\"Slovencina.org\" \/>\n<meta property=\"article:publisher\" content=\"https:\/\/www.facebook.com\/slovencinasani\" \/>\n<meta property=\"article:modified_time\" content=\"2024-12-29T11:27:55+00:00\" \/>\n<meta property=\"og:image\" content=\"https:\/\/slovencina.org\/wp-content\/uploads\/2024\/11\/Marian-kurz.png\" \/>\n<meta name=\"twitter:card\" content=\"summary_large_image\" \/>\n<meta name=\"twitter:site\" content=\"@slovencinasani\" \/>\n<meta name=\"twitter:label1\" content=\"\u041f\u0440\u0438\u043c\u0435\u0440\u043d\u043e\u0435 \u0432\u0440\u0435\u043c\u044f \u0434\u043b\u044f \u0447\u0442\u0435\u043d\u0438\u044f\" \/>\n\t<meta name=\"twitter:data1\" content=\"7 \u043c\u0438\u043d\u0443\u0442\" \/>\n<script type=\"application\/ld+json\" class=\"yoast-schema-graph\">{\"@context\":\"https:\\\/\\\/schema.org\",\"@graph\":[{\"@type\":\"WebPage\",\"@id\":\"https:\\\/\\\/slovencina.org\\\/kurz\\\/\",\"url\":\"https:\\\/\\\/slovencina.org\\\/kurz\\\/\",\"name\":\"Kurzy - Slovencina.org\",\"isPartOf\":{\"@id\":\"https:\\\/\\\/slovencina.org\\\/#website\"},\"primaryImageOfPage\":{\"@id\":\"https:\\\/\\\/slovencina.org\\\/kurz\\\/#primaryimage\"},\"image\":{\"@id\":\"https:\\\/\\\/slovencina.org\\\/kurz\\\/#primaryimage\"},\"thumbnailUrl\":\"https:\\\/\\\/slovencina.org\\\/wp-content\\\/uploads\\\/2024\\\/11\\\/Marian-kurz.png\",\"datePublished\":\"2022-08-13T17:53:09+00:00\",\"dateModified\":\"2024-12-29T11:27:55+00:00\",\"description\":\"\u041a\u0443\u0440\u0441\u044b \u0441\u043b\u043e\u0432\u0430\u0446\u043a\u043e\u0433\u043e \u044f\u0437\u044b\u043a\u0430 \u0432\u0441\u0435\u0445 \u0443\u0440\u043e\u0432\u043d\u0435\u0439 \u0434\u043b\u044f \u0440\u0443\u0441\u0441\u043a\u043e\u0433\u043e\u0432\u043e\u0440\u044f\u0449\u0438\u0445 \u0432 slovencina.org | Kurzy sloven\u010diny (v\u0161etky \u00farovne) pre rusky hovoriacich\",\"inLanguage\":\"ru-RU\",\"potentialAction\":[{\"@type\":\"ReadAction\",\"target\":[\"https:\\\/\\\/slovencina.org\\\/kurz\\\/\"]}]},{\"@type\":\"ImageObject\",\"inLanguage\":\"ru-RU\",\"@id\":\"https:\\\/\\\/slovencina.org\\\/kurz\\\/#primaryimage\",\"url\":\"https:\\\/\\\/slovencina.org\\\/wp-content\\\/uploads\\\/2024\\\/11\\\/Marian-kurz.png\",\"contentUrl\":\"https:\\\/\\\/slovencina.org\\\/wp-content\\\/uploads\\\/2024\\\/11\\\/Marian-kurz.png\"},{\"@type\":\"WebSite\",\"@id\":\"https:\\\/\\\/slovencina.org\\\/#website\",\"url\":\"https:\\\/\\\/slovencina.org\\\/\",\"name\":\"Slovencina.org\",\"description\":\"Slovencina s Ani\",\"publisher\":{\"@id\":\"https:\\\/\\\/slovencina.org\\\/#organization\"},\"alternateName\":\"Lektor, ktor\u00fd v\u00e1m rozumie\",\"potentialAction\":[{\"@type\":\"SearchAction\",\"target\":{\"@type\":\"EntryPoint\",\"urlTemplate\":\"https:\\\/\\\/slovencina.org\\\/?s={search_term_string}\"},\"query-input\":{\"@type\":\"PropertyValueSpecification\",\"valueRequired\":true,\"valueName\":\"search_term_string\"}}],\"inLanguage\":\"ru-RU\"},{\"@type\":\"Organization\",\"@id\":\"https:\\\/\\\/slovencina.org\\\/#organization\",\"name\":\"Slovencina.org\",\"alternateName\":\"Lektor, ktor\u00fd v\u00e1m rozumie\",\"url\":\"https:\\\/\\\/slovencina.org\\\/\",\"logo\":{\"@type\":\"ImageObject\",\"inLanguage\":\"ru-RU\",\"@id\":\"https:\\\/\\\/slovencina.org\\\/#\\\/schema\\\/logo\\\/image\\\/\",\"url\":\"https:\\\/\\\/slovencina.org\\\/wp-content\\\/uploads\\\/2022\\\/08\\\/logo1000.png\",\"contentUrl\":\"https:\\\/\\\/slovencina.org\\\/wp-content\\\/uploads\\\/2022\\\/08\\\/logo1000.png\",\"width\":1000,\"height\":183,\"caption\":\"Slovencina.org\"},\"image\":{\"@id\":\"https:\\\/\\\/slovencina.org\\\/#\\\/schema\\\/logo\\\/image\\\/\"},\"sameAs\":[\"https:\\\/\\\/www.facebook.com\\\/slovencinasani\",\"https:\\\/\\\/x.com\\\/slovencinasani\",\"https:\\\/\\\/www.tiktok.com\\\/slovencinasani\",\"https:\\\/\\\/www.instagram.com\\\/slovencinasani\"]}]}<\/script>\n<!-- \/ Yoast SEO plugin. -->","yoast_head_json":{"title":"Kurzy - Slovencina.org","description":"\u041a\u0443\u0440\u0441\u044b \u0441\u043b\u043e\u0432\u0430\u0446\u043a\u043e\u0433\u043e \u044f\u0437\u044b\u043a\u0430 \u0432\u0441\u0435\u0445 \u0443\u0440\u043e\u0432\u043d\u0435\u0439 \u0434\u043b\u044f \u0440\u0443\u0441\u0441\u043a\u043e\u0433\u043e\u0432\u043e\u0440\u044f\u0449\u0438\u0445 \u0432 slovencina.org | Kurzy sloven\u010diny (v\u0161etky \u00farovne) pre rusky hovoriacich","robots":{"index":"index","follow":"follow","max-snippet":"max-snippet:-1","max-image-preview":"max-image-preview:large","max-video-preview":"max-video-preview:-1"},"canonical":"https:\/\/slovencina.org\/ru\/kurz\/","og_locale":"ru_RU","og_type":"article","og_title":"Kurzy - Slovencina.org","og_description":"\u041a\u0443\u0440\u0441\u044b \u0441\u043b\u043e\u0432\u0430\u0446\u043a\u043e\u0433\u043e \u044f\u0437\u044b\u043a\u0430 \u0432\u0441\u0435\u0445 \u0443\u0440\u043e\u0432\u043d\u0435\u0439 \u0434\u043b\u044f \u0440\u0443\u0441\u0441\u043a\u043e\u0433\u043e\u0432\u043e\u0440\u044f\u0449\u0438\u0445 \u0432 slovencina.org | Kurzy sloven\u010diny (v\u0161etky \u00farovne) pre rusky hovoriacich","og_url":"https:\/\/slovencina.org\/ru\/kurz\/","og_site_name":"Slovencina.org","article_publisher":"https:\/\/www.facebook.com\/slovencinasani","article_modified_time":"2024-12-29T11:27:55+00:00","og_image":[{"url":"https:\/\/slovencina.org\/wp-content\/uploads\/2024\/11\/Marian-kurz.png","type":"","width":"","height":""}],"twitter_card":"summary_large_image","twitter_site":"@slovencinasani","twitter_misc":{"\u041f\u0440\u0438\u043c\u0435\u0440\u043d\u043e\u0435 \u0432\u0440\u0435\u043c\u044f \u0434\u043b\u044f \u0447\u0442\u0435\u043d\u0438\u044f":"7 \u043c\u0438\u043d\u0443\u0442"},"schema":{"@context":"https:\/\/schema.org","@graph":[{"@type":"WebPage","@id":"https:\/\/slovencina.org\/kurz\/","url":"https:\/\/slovencina.org\/kurz\/","name":"Kurzy - Slovencina.org","isPartOf":{"@id":"https:\/\/slovencina.org\/#website"},"primaryImageOfPage":{"@id":"https:\/\/slovencina.org\/kurz\/#primaryimage"},"image":{"@id":"https:\/\/slovencina.org\/kurz\/#primaryimage"},"thumbnailUrl":"https:\/\/slovencina.org\/wp-content\/uploads\/2024\/11\/Marian-kurz.png","datePublished":"2022-08-13T17:53:09+00:00","dateModified":"2024-12-29T11:27:55+00:00","description":"\u041a\u0443\u0440\u0441\u044b \u0441\u043b\u043e\u0432\u0430\u0446\u043a\u043e\u0433\u043e \u044f\u0437\u044b\u043a\u0430 \u0432\u0441\u0435\u0445 \u0443\u0440\u043e\u0432\u043d\u0435\u0439 \u0434\u043b\u044f \u0440\u0443\u0441\u0441\u043a\u043e\u0433\u043e\u0432\u043e\u0440\u044f\u0449\u0438\u0445 \u0432 slovencina.org | Kurzy sloven\u010diny (v\u0161etky \u00farovne) pre rusky hovoriacich","inLanguage":"ru-RU","potentialAction":[{"@type":"ReadAction","target":["https:\/\/slovencina.org\/kurz\/"]}]},{"@type":"ImageObject","inLanguage":"ru-RU","@id":"https:\/\/slovencina.org\/kurz\/#primaryimage","url":"https:\/\/slovencina.org\/wp-content\/uploads\/2024\/11\/Marian-kurz.png","contentUrl":"https:\/\/slovencina.org\/wp-content\/uploads\/2024\/11\/Marian-kurz.png"},{"@type":"WebSite","@id":"https:\/\/slovencina.org\/#website","url":"https:\/\/slovencina.org\/","name":"Slovencina.org","description":"\u0421\u043b\u043e\u0432\u0430\u0446\u043a\u0438\u0439 \u0441 \u0410\u043d\u0438","publisher":{"@id":"https:\/\/slovencina.org\/#organization"},"alternateName":"Lektor, ktor\u00fd v\u00e1m rozumie","potentialAction":[{"@type":"SearchAction","target":{"@type":"EntryPoint","urlTemplate":"https:\/\/slovencina.org\/?s={search_term_string}"},"query-input":{"@type":"PropertyValueSpecification","valueRequired":true,"valueName":"search_term_string"}}],"inLanguage":"ru-RU"},{"@type":"Organization","@id":"https:\/\/slovencina.org\/#organization","name":"Slovencina.org","alternateName":"Lektor, ktor\u00fd v\u00e1m rozumie","url":"https:\/\/slovencina.org\/","logo":{"@type":"ImageObject","inLanguage":"ru-RU","@id":"https:\/\/slovencina.org\/#\/schema\/logo\/image\/","url":"https:\/\/slovencina.org\/wp-content\/uploads\/2022\/08\/logo1000.png","contentUrl":"https:\/\/slovencina.org\/wp-content\/uploads\/2022\/08\/logo1000.png","width":1000,"height":183,"caption":"Slovencina.org"},"image":{"@id":"https:\/\/slovencina.org\/#\/schema\/logo\/image\/"},"sameAs":["https:\/\/www.facebook.com\/slovencinasani","https:\/\/x.com\/slovencinasani","https:\/\/www.tiktok.com\/slovencinasani","https:\/\/www.instagram.com\/slovencinasani"]}]}},"rttpg_featured_image_url":null,"rttpg_author":{"display_name":"admin","author_link":"https:\/\/slovencina.org\/ru\/author\/admin\/"},"rttpg_comment":0,"rttpg_category":"","rttpg_excerpt":"Kurzy Konverz\u00e1cie so Slov\u00e1kom Kto som: Som Slov\u00e1k, naroden\u00fd na z\u00e1padnom Slovensku. M\u00e1m ve\u013ek\u00fd v\u0161eobecn\u00fd rozh\u013ead, tak\u017ee na\u0161e konverz\u00e1cie m\u00f4\u017eu by\u0165 na r\u00f4zne t\u00e9my. Ka\u017ed\u00fd, kto ma dobre pozn\u00e1 hovor\u00ed, \u017ee m\u00e1m ve\u013ek\u00fa trpezlivos\u0165. Mo\u017eno ma pozn\u00e1te aj z m\u00f4jho kan\u00e1lu &#8211;&gt;\u00a0u\u017e viete, \u017ee&#8230; \u010co po\u010das hod\u00edn z\u00edskate: roz\u0161\u00edrenie svojej slovnej z\u00e1soby\u00a0 odvahu rozpr\u00e1va\u0165 sa&hellip;","_links":{"self":[{"href":"https:\/\/slovencina.org\/ru\/wp-json\/wp\/v2\/pages\/257","targetHints":{"allow":["GET"]}}],"collection":[{"href":"https:\/\/slovencina.org\/ru\/wp-json\/wp\/v2\/pages"}],"about":[{"href":"https:\/\/slovencina.org\/ru\/wp-json\/wp\/v2\/types\/page"}],"author":[{"embeddable":true,"href":"https:\/\/slovencina.org\/ru\/wp-json\/wp\/v2\/users\/1"}],"replies":[{"embeddable":true,"href":"https:\/\/slovencina.org\/ru\/wp-json\/wp\/v2\/comments?post=257"}],"version-history":[{"count":118,"href":"https:\/\/slovencina.org\/ru\/wp-json\/wp\/v2\/pages\/257\/revisions"}],"predecessor-version":[{"id":2261,"href":"https:\/\/slovencina.org\/ru\/wp-json\/wp\/v2\/pages\/257\/revisions\/2261"}],"wp:attachment":[{"href":"https:\/\/slovencina.org\/ru\/wp-json\/wp\/v2\/media?parent=257"}],"curies":[{"name":"wp","href":"https:\/\/api.w.org\/{rel}","templated":true}]}}